{"id":750,"date":"2023-01-23T09:28:40","date_gmt":"2023-01-23T08:28:40","guid":{"rendered":"http:\/\/les-rendez-vous.fr\/?page_id=750"},"modified":"2023-01-25T10:45:05","modified_gmt":"2023-01-25T09:45:05","slug":"rendez-vous-2021-lautorite-des-ecritures","status":"publish","type":"page","link":"https:\/\/les-rendez-vous.fr\/index.php\/rendez-vous-2021-lautorite-des-ecritures\/","title":{"rendered":"Rendez-vous 2021 : l&rsquo;autorit\u00e9 des \u00c9critures"},"content":{"rendered":"\n<div class=\"wp-block-columns is-layout-flex wp-container-core-columns-layout-1 wp-block-columns-is-layout-flex\">\n<div class=\"wp-block-column is-layout-flow wp-block-column-is-layout-flow\" style=\"flex-basis:33.33%\">\n<p class=\"has-normal-font-size\"><strong>Du 25 au 27 juin 2021,<\/strong> les Rendez-vous ont \u00e9t\u00e9 accueillis au Campus adventiste du Sal\u00e8ve (Haute-Savoie).<\/p>\n<\/div>\n\n\n\n<div class=\"wp-block-column is-layout-flow wp-block-column-is-layout-flow\" style=\"flex-basis:66.66%\">\n<iframe src=\"https:\/\/www.google.com\/maps\/embed?pb=!1m14!1m8!1m3!1d11058.755988910047!2d6.1582363!3d46.1370246!3m2!1i1024!2i768!4f13.1!3m3!1m2!1s0x0%3A0xed654e1567c7e69f!2sCampus%20Adventiste%20du%20sal%C3%A8ve!5e0!3m2!1sfr!2sfr!4v1674460425725!5m2!1sfr!2sfr\" width=\"100%\" height=\"200\" style=\"border:0;\" allowfullscreen=\"\" loading=\"lazy\" referrerpolicy=\"no-referrer-when-downgrade\"><\/iframe>\n<\/div>\n<\/div>\n\n\n\n<div class=\"wp-block-buttons is-content-justification-center is-layout-flex wp-container-core-buttons-layout-1 wp-block-buttons-is-layout-flex\">\n<div class=\"wp-block-button\"><a class=\"wp-block-button__link has-white-color has-text-color has-background wp-element-button\" href=\"#videos\" style=\"border-radius:20px;background-color:#a9ba11fa\">Vid\u00e9os<\/a><\/div>\n\n\n\n<div class=\"wp-block-button\"><a class=\"wp-block-button__link has-raft-fg-alt-color has-text-color has-background wp-element-button\" href=\"#photos2021\" style=\"border-radius:20px;background-color:#a9ba11fa\">Photos<\/a><\/div>\n\n\n\n<div class=\"wp-block-button\"><a class=\"wp-block-button__link has-white-color has-text-color has-background wp-element-button\" href=\"#ancre2\" style=\"border-radius:20px;background-color:#a9ba11fa\">Axes de discussion<\/a><\/div>\n\n\n\n<div class=\"wp-block-button\"><a class=\"wp-block-button__link has-white-color has-text-color has-background wp-element-button\" href=\"#ancre3\" style=\"border-radius:20px;background-color:#a9ba11fa\">Programme<\/a><\/div>\n<\/div>\n\n\n\n<hr class=\"wp-block-separator has-alpha-channel-opacity\" id=\"videos\"\/>\n\n\n\n<figure class=\"wp-block-embed is-type-video is-provider-youtube wp-block-embed-youtube wp-embed-aspect-16-9 wp-has-aspect-ratio\"><div class=\"wp-block-embed__wrapper\">\n<iframe loading=\"lazy\" title=\"RDVPP 2021 SAMEDI MATIN HD 1080p\" width=\"500\" height=\"281\" src=\"https:\/\/www.youtube.com\/embed\/AZbjJwBS2qk?feature=oembed\" frameborder=\"0\" allow=\"accelerometer; autoplay; clipboard-write; encrypted-media; gyroscope; picture-in-picture; web-share\" allowfullscreen><\/iframe>\n<\/div><\/figure>\n\n\n\n<figure class=\"wp-block-embed is-type-video is-provider-youtube wp-block-embed-youtube wp-embed-aspect-16-9 wp-has-aspect-ratio\"><div class=\"wp-block-embed__wrapper\">\n<iframe loading=\"lazy\" title=\"RDVPP 2021 SAMEDI MATIN questions\" width=\"500\" height=\"281\" src=\"https:\/\/www.youtube.com\/embed\/A-V0nQnGBHc?feature=oembed\" frameborder=\"0\" allow=\"accelerometer; autoplay; clipboard-write; encrypted-media; gyroscope; picture-in-picture; web-share\" allowfullscreen><\/iframe>\n<\/div><\/figure>\n\n\n\n<figure class=\"wp-block-embed is-type-video is-provider-youtube wp-block-embed-youtube wp-embed-aspect-16-9 wp-has-aspect-ratio\"><div class=\"wp-block-embed__wrapper\">\n<iframe loading=\"lazy\" title=\"RDVPP 2021 SAMEDI MIDI p1 HD 1080p\" width=\"500\" height=\"281\" src=\"https:\/\/www.youtube.com\/embed\/QOpfbS805_8?feature=oembed\" frameborder=\"0\" allow=\"accelerometer; autoplay; clipboard-write; encrypted-media; gyroscope; picture-in-picture; web-share\" allowfullscreen><\/iframe>\n<\/div><\/figure>\n\n\n\n<figure class=\"wp-block-embed is-type-video is-provider-youtube wp-block-embed-youtube wp-embed-aspect-16-9 wp-has-aspect-ratio\"><div class=\"wp-block-embed__wrapper\">\n<iframe loading=\"lazy\" title=\"RDVPP 2021 SAMEDI MIDI p2 HD 1080p\" width=\"500\" height=\"281\" src=\"https:\/\/www.youtube.com\/embed\/oYl7sxMMi9E?feature=oembed\" frameborder=\"0\" allow=\"accelerometer; autoplay; clipboard-write; encrypted-media; gyroscope; picture-in-picture; web-share\" allowfullscreen><\/iframe>\n<\/div><\/figure>\n\n\n\n<figure class=\"wp-block-embed is-type-video is-provider-youtube wp-block-embed-youtube wp-embed-aspect-16-9 wp-has-aspect-ratio\"><div class=\"wp-block-embed__wrapper\">\n<iframe loading=\"lazy\" title=\"RDVPP 2021 DIMANCHE MATIN4 QUESTIONS\" width=\"500\" height=\"281\" src=\"https:\/\/www.youtube.com\/embed\/tMnALHpyrZM?feature=oembed\" frameborder=\"0\" allow=\"accelerometer; autoplay; clipboard-write; encrypted-media; gyroscope; picture-in-picture; web-share\" allowfullscreen><\/iframe>\n<\/div><\/figure>\n\n\n\n<figure class=\"wp-block-embed is-type-video is-provider-youtube wp-block-embed-youtube wp-embed-aspect-16-9 wp-has-aspect-ratio\"><div class=\"wp-block-embed__wrapper\">\n<iframe loading=\"lazy\" title=\"RDVPP 2021 DIMANCHE MATIN4 HD 1080p\" width=\"500\" height=\"281\" src=\"https:\/\/www.youtube.com\/embed\/4aR0SeBHlwA?feature=oembed\" frameborder=\"0\" allow=\"accelerometer; autoplay; clipboard-write; encrypted-media; gyroscope; picture-in-picture; web-share\" allowfullscreen><\/iframe>\n<\/div><\/figure>\n\n\n\n<figure class=\"wp-block-embed is-type-video is-provider-youtube wp-block-embed-youtube wp-embed-aspect-16-9 wp-has-aspect-ratio\"><div class=\"wp-block-embed__wrapper\">\n<iframe loading=\"lazy\" title=\"RDVPP 2021 DIMANCHE MIDI 5 1080p DEF FPF\" width=\"500\" height=\"281\" src=\"https:\/\/www.youtube.com\/embed\/6KhIizj5kcI?feature=oembed\" frameborder=\"0\" allow=\"accelerometer; autoplay; clipboard-write; encrypted-media; gyroscope; picture-in-picture; web-share\" allowfullscreen><\/iframe>\n<\/div><\/figure>\n\n\n\n<hr class=\"wp-block-separator has-alpha-channel-opacity\"\/>\n\n\n\n<figure class=\"wp-block-gallery has-nested-images columns-2 is-cropped wp-block-gallery-1 is-layout-flex wp-block-gallery-is-layout-flex\" id=\"photos2021\">\n<figure class=\"wp-block-image size-large\"><img loading=\"lazy\" decoding=\"async\" width=\"1024\" height=\"683\" data-id=\"454\" src=\"https:\/\/i0.wp.com\/les-rendez-vous.fr\/wp-content\/uploads\/2022\/03\/IMG_7074.jpg?resize=1024%2C683\" alt=\"\" class=\"wp-image-454\" srcset=\"https:\/\/i0.wp.com\/les-rendez-vous.fr\/wp-content\/uploads\/2022\/03\/IMG_7074-scaled.jpg?resize=1024%2C683&amp;ssl=1 1024w, https:\/\/i0.wp.com\/les-rendez-vous.fr\/wp-content\/uploads\/2022\/03\/IMG_7074-scaled.jpg?resize=300%2C200&amp;ssl=1 300w, https:\/\/i0.wp.com\/les-rendez-vous.fr\/wp-content\/uploads\/2022\/03\/IMG_7074-scaled.jpg?resize=768%2C512&amp;ssl=1 768w, https:\/\/i0.wp.com\/les-rendez-vous.fr\/wp-content\/uploads\/2022\/03\/IMG_7074-scaled.jpg?resize=1536%2C1024&amp;ssl=1 1536w, https:\/\/i0.wp.com\/les-rendez-vous.fr\/wp-content\/uploads\/2022\/03\/IMG_7074-scaled.jpg?resize=2048%2C1365&amp;ssl=1 2048w\" sizes=\"(max-width: 1000px) 100vw, 1000px\" data-recalc-dims=\"1\" \/><figcaption class=\"wp-element-caption\">Gabriel Monnet nous accueille sur le superbe campus de la Facult\u00e9 adventiste&#8230;<\/figcaption><\/figure>\n\n\n\n<figure class=\"wp-block-image size-large\"><img loading=\"lazy\" decoding=\"async\" width=\"1024\" height=\"683\" data-id=\"455\" src=\"https:\/\/i0.wp.com\/les-rendez-vous.fr\/wp-content\/uploads\/2022\/03\/IMG_7090.jpg?resize=1024%2C683\" alt=\"\" class=\"wp-image-455\" srcset=\"https:\/\/i0.wp.com\/les-rendez-vous.fr\/wp-content\/uploads\/2022\/03\/IMG_7090-scaled.jpg?resize=1024%2C683&amp;ssl=1 1024w, https:\/\/i0.wp.com\/les-rendez-vous.fr\/wp-content\/uploads\/2022\/03\/IMG_7090-scaled.jpg?resize=300%2C200&amp;ssl=1 300w, https:\/\/i0.wp.com\/les-rendez-vous.fr\/wp-content\/uploads\/2022\/03\/IMG_7090-scaled.jpg?resize=768%2C512&amp;ssl=1 768w, https:\/\/i0.wp.com\/les-rendez-vous.fr\/wp-content\/uploads\/2022\/03\/IMG_7090-scaled.jpg?resize=1536%2C1024&amp;ssl=1 1536w, https:\/\/i0.wp.com\/les-rendez-vous.fr\/wp-content\/uploads\/2022\/03\/IMG_7090-scaled.jpg?resize=2048%2C1365&amp;ssl=1 2048w\" sizes=\"(max-width: 1000px) 100vw, 1000px\" data-recalc-dims=\"1\" \/><figcaption class=\"wp-element-caption\">Ap\u00e9ritif d\u00eenatoire pour faire connaissance et se retrouver<\/figcaption><\/figure>\n\n\n\n<figure class=\"wp-block-image size-large\"><img loading=\"lazy\" decoding=\"async\" width=\"683\" height=\"1024\" data-id=\"456\" src=\"https:\/\/i0.wp.com\/les-rendez-vous.fr\/wp-content\/uploads\/2022\/03\/IMG_7097.jpg?resize=683%2C1024\" alt=\"\" class=\"wp-image-456\" srcset=\"https:\/\/i0.wp.com\/les-rendez-vous.fr\/wp-content\/uploads\/2022\/03\/IMG_7097-scaled.jpg?resize=683%2C1024&amp;ssl=1 683w, https:\/\/i0.wp.com\/les-rendez-vous.fr\/wp-content\/uploads\/2022\/03\/IMG_7097-scaled.jpg?resize=200%2C300&amp;ssl=1 200w, https:\/\/i0.wp.com\/les-rendez-vous.fr\/wp-content\/uploads\/2022\/03\/IMG_7097-scaled.jpg?resize=768%2C1152&amp;ssl=1 768w, https:\/\/i0.wp.com\/les-rendez-vous.fr\/wp-content\/uploads\/2022\/03\/IMG_7097-scaled.jpg?resize=1024%2C1536&amp;ssl=1 1024w, https:\/\/i0.wp.com\/les-rendez-vous.fr\/wp-content\/uploads\/2022\/03\/IMG_7097-scaled.jpg?resize=1365%2C2048&amp;ssl=1 1365w, https:\/\/i0.wp.com\/les-rendez-vous.fr\/wp-content\/uploads\/2022\/03\/IMG_7097-scaled.jpg?w=1707&amp;ssl=1 1707w\" sizes=\"(max-width: 683px) 100vw, 683px\" data-recalc-dims=\"1\" \/><figcaption class=\"wp-element-caption\">Un tr\u00e8s bon buffet pr\u00e9par\u00e9 par les \u00e9tudiants et leurs familles<\/figcaption><\/figure>\n\n\n\n<figure class=\"wp-block-image size-large\"><img loading=\"lazy\" decoding=\"async\" width=\"1024\" height=\"683\" data-id=\"463\" src=\"https:\/\/i0.wp.com\/les-rendez-vous.fr\/wp-content\/uploads\/2022\/03\/IMG_7258.jpg?resize=1024%2C683\" alt=\"\" class=\"wp-image-463\" srcset=\"https:\/\/i0.wp.com\/les-rendez-vous.fr\/wp-content\/uploads\/2022\/03\/IMG_7258-scaled.jpg?resize=1024%2C683&amp;ssl=1 1024w, https:\/\/i0.wp.com\/les-rendez-vous.fr\/wp-content\/uploads\/2022\/03\/IMG_7258-scaled.jpg?resize=300%2C200&amp;ssl=1 300w, https:\/\/i0.wp.com\/les-rendez-vous.fr\/wp-content\/uploads\/2022\/03\/IMG_7258-scaled.jpg?resize=768%2C512&amp;ssl=1 768w, https:\/\/i0.wp.com\/les-rendez-vous.fr\/wp-content\/uploads\/2022\/03\/IMG_7258-scaled.jpg?resize=1536%2C1024&amp;ssl=1 1536w, https:\/\/i0.wp.com\/les-rendez-vous.fr\/wp-content\/uploads\/2022\/03\/IMG_7258-scaled.jpg?resize=2048%2C1365&amp;ssl=1 2048w\" sizes=\"(max-width: 1000px) 100vw, 1000px\" data-recalc-dims=\"1\" \/><figcaption class=\"wp-element-caption\">Le pasteur Samuel Amedro ouvre l&rsquo;\u00e9dition 2021 des RVPP<\/figcaption><\/figure>\n\n\n\n<figure class=\"wp-block-image size-large\"><img loading=\"lazy\" decoding=\"async\" width=\"1024\" height=\"683\" data-id=\"466\" src=\"https:\/\/i0.wp.com\/les-rendez-vous.fr\/wp-content\/uploads\/2022\/03\/IMG_7292.jpg?resize=1024%2C683\" alt=\"\" class=\"wp-image-466\" srcset=\"https:\/\/i0.wp.com\/les-rendez-vous.fr\/wp-content\/uploads\/2022\/03\/IMG_7292-scaled.jpg?resize=1024%2C683&amp;ssl=1 1024w, https:\/\/i0.wp.com\/les-rendez-vous.fr\/wp-content\/uploads\/2022\/03\/IMG_7292-scaled.jpg?resize=300%2C200&amp;ssl=1 300w, https:\/\/i0.wp.com\/les-rendez-vous.fr\/wp-content\/uploads\/2022\/03\/IMG_7292-scaled.jpg?resize=768%2C512&amp;ssl=1 768w, https:\/\/i0.wp.com\/les-rendez-vous.fr\/wp-content\/uploads\/2022\/03\/IMG_7292-scaled.jpg?resize=1536%2C1024&amp;ssl=1 1536w, https:\/\/i0.wp.com\/les-rendez-vous.fr\/wp-content\/uploads\/2022\/03\/IMG_7292-scaled.jpg?resize=2048%2C1365&amp;ssl=1 2048w\" sizes=\"(max-width: 1000px) 100vw, 1000px\" data-recalc-dims=\"1\" \/><figcaption class=\"wp-element-caption\">Aux RVPP, \u00e7\u00e0 discute, \u00e7\u00e0 discute&#8230;<\/figcaption><\/figure>\n\n\n\n<figure class=\"wp-block-image size-large\"><img loading=\"lazy\" decoding=\"async\" width=\"1024\" height=\"683\" data-id=\"467\" src=\"https:\/\/i0.wp.com\/les-rendez-vous.fr\/wp-content\/uploads\/2022\/03\/IMG_7316.jpg?resize=1024%2C683\" alt=\"\" class=\"wp-image-467\" srcset=\"https:\/\/i0.wp.com\/les-rendez-vous.fr\/wp-content\/uploads\/2022\/03\/IMG_7316-scaled.jpg?resize=1024%2C683&amp;ssl=1 1024w, https:\/\/i0.wp.com\/les-rendez-vous.fr\/wp-content\/uploads\/2022\/03\/IMG_7316-scaled.jpg?resize=300%2C200&amp;ssl=1 300w, https:\/\/i0.wp.com\/les-rendez-vous.fr\/wp-content\/uploads\/2022\/03\/IMG_7316-scaled.jpg?resize=768%2C512&amp;ssl=1 768w, https:\/\/i0.wp.com\/les-rendez-vous.fr\/wp-content\/uploads\/2022\/03\/IMG_7316-scaled.jpg?resize=1536%2C1024&amp;ssl=1 1536w, https:\/\/i0.wp.com\/les-rendez-vous.fr\/wp-content\/uploads\/2022\/03\/IMG_7316-scaled.jpg?resize=2048%2C1365&amp;ssl=1 2048w\" sizes=\"(max-width: 1000px) 100vw, 1000px\" data-recalc-dims=\"1\" \/><figcaption class=\"wp-element-caption\">Pause musicale avec des membres de la paroisse <\/figcaption><\/figure>\n\n\n\n<figure class=\"wp-block-image size-large\"><img loading=\"lazy\" decoding=\"async\" width=\"1024\" height=\"683\" data-id=\"473\" src=\"https:\/\/i0.wp.com\/les-rendez-vous.fr\/wp-content\/uploads\/2022\/03\/IMG_7408.jpg?resize=1024%2C683\" alt=\"\" class=\"wp-image-473\" srcset=\"https:\/\/i0.wp.com\/les-rendez-vous.fr\/wp-content\/uploads\/2022\/03\/IMG_7408-scaled.jpg?resize=1024%2C683&amp;ssl=1 1024w, https:\/\/i0.wp.com\/les-rendez-vous.fr\/wp-content\/uploads\/2022\/03\/IMG_7408-scaled.jpg?resize=300%2C200&amp;ssl=1 300w, https:\/\/i0.wp.com\/les-rendez-vous.fr\/wp-content\/uploads\/2022\/03\/IMG_7408-scaled.jpg?resize=768%2C512&amp;ssl=1 768w, https:\/\/i0.wp.com\/les-rendez-vous.fr\/wp-content\/uploads\/2022\/03\/IMG_7408-scaled.jpg?resize=1536%2C1024&amp;ssl=1 1536w, https:\/\/i0.wp.com\/les-rendez-vous.fr\/wp-content\/uploads\/2022\/03\/IMG_7408-scaled.jpg?resize=2048%2C1365&amp;ssl=1 2048w\" sizes=\"(max-width: 1000px) 100vw, 1000px\" data-recalc-dims=\"1\" \/><figcaption class=\"wp-element-caption\">Deux bin\u00f4mes d\u00e9battent&#8230; La pasteurs  Esther Lenz anime<\/figcaption><\/figure>\n\n\n\n<figure class=\"wp-block-image size-large\"><img loading=\"lazy\" decoding=\"async\" width=\"1024\" height=\"683\" data-id=\"471\" src=\"https:\/\/i0.wp.com\/les-rendez-vous.fr\/wp-content\/uploads\/2022\/03\/IMG_7370.jpg?resize=1024%2C683\" alt=\"\" class=\"wp-image-471\" srcset=\"https:\/\/i0.wp.com\/les-rendez-vous.fr\/wp-content\/uploads\/2022\/03\/IMG_7370-scaled.jpg?resize=1024%2C683&amp;ssl=1 1024w, https:\/\/i0.wp.com\/les-rendez-vous.fr\/wp-content\/uploads\/2022\/03\/IMG_7370-scaled.jpg?resize=300%2C200&amp;ssl=1 300w, https:\/\/i0.wp.com\/les-rendez-vous.fr\/wp-content\/uploads\/2022\/03\/IMG_7370-scaled.jpg?resize=768%2C512&amp;ssl=1 768w, https:\/\/i0.wp.com\/les-rendez-vous.fr\/wp-content\/uploads\/2022\/03\/IMG_7370-scaled.jpg?resize=1536%2C1024&amp;ssl=1 1536w, https:\/\/i0.wp.com\/les-rendez-vous.fr\/wp-content\/uploads\/2022\/03\/IMG_7370-scaled.jpg?resize=2048%2C1365&amp;ssl=1 2048w\" sizes=\"(max-width: 1000px) 100vw, 1000px\" data-recalc-dims=\"1\" \/><figcaption class=\"wp-element-caption\">Echanges en petit groupe dans un cadre  de verdure serein<\/figcaption><\/figure>\n\n\n\n<figure class=\"wp-block-image size-large\"><img loading=\"lazy\" decoding=\"async\" width=\"1024\" height=\"683\" data-id=\"470\" src=\"https:\/\/i0.wp.com\/les-rendez-vous.fr\/wp-content\/uploads\/2022\/03\/IMG_7362.jpg?resize=1024%2C683\" alt=\"\" class=\"wp-image-470\" srcset=\"https:\/\/i0.wp.com\/les-rendez-vous.fr\/wp-content\/uploads\/2022\/03\/IMG_7362-scaled.jpg?resize=1024%2C683&amp;ssl=1 1024w, https:\/\/i0.wp.com\/les-rendez-vous.fr\/wp-content\/uploads\/2022\/03\/IMG_7362-scaled.jpg?resize=300%2C200&amp;ssl=1 300w, https:\/\/i0.wp.com\/les-rendez-vous.fr\/wp-content\/uploads\/2022\/03\/IMG_7362-scaled.jpg?resize=768%2C512&amp;ssl=1 768w, https:\/\/i0.wp.com\/les-rendez-vous.fr\/wp-content\/uploads\/2022\/03\/IMG_7362-scaled.jpg?resize=1536%2C1024&amp;ssl=1 1536w, https:\/\/i0.wp.com\/les-rendez-vous.fr\/wp-content\/uploads\/2022\/03\/IMG_7362-scaled.jpg?resize=2048%2C1365&amp;ssl=1 2048w\" sizes=\"(max-width: 1000px) 100vw, 1000px\" data-recalc-dims=\"1\" \/><figcaption class=\"wp-element-caption\">Marche m\u00e9ditative et priante le dimanche matin<\/figcaption><\/figure>\n\n\n\n<figure class=\"wp-block-image size-large\"><img loading=\"lazy\" decoding=\"async\" width=\"1024\" height=\"683\" data-id=\"465\" src=\"https:\/\/i0.wp.com\/les-rendez-vous.fr\/wp-content\/uploads\/2022\/03\/IMG_7287.jpg?resize=1024%2C683\" alt=\"\" class=\"wp-image-465\" srcset=\"https:\/\/i0.wp.com\/les-rendez-vous.fr\/wp-content\/uploads\/2022\/03\/IMG_7287-scaled.jpg?resize=1024%2C683&amp;ssl=1 1024w, https:\/\/i0.wp.com\/les-rendez-vous.fr\/wp-content\/uploads\/2022\/03\/IMG_7287-scaled.jpg?resize=300%2C200&amp;ssl=1 300w, https:\/\/i0.wp.com\/les-rendez-vous.fr\/wp-content\/uploads\/2022\/03\/IMG_7287-scaled.jpg?resize=768%2C512&amp;ssl=1 768w, https:\/\/i0.wp.com\/les-rendez-vous.fr\/wp-content\/uploads\/2022\/03\/IMG_7287-scaled.jpg?resize=1536%2C1024&amp;ssl=1 1536w, https:\/\/i0.wp.com\/les-rendez-vous.fr\/wp-content\/uploads\/2022\/03\/IMG_7287-scaled.jpg?resize=2048%2C1365&amp;ssl=1 2048w\" sizes=\"(max-width: 1000px) 100vw, 1000px\" data-recalc-dims=\"1\" \/><figcaption class=\"wp-element-caption\">Un texte biblique, \u00e7\u00e0 se partage<\/figcaption><\/figure>\n\n\n\n<figure class=\"wp-block-image size-large\"><img loading=\"lazy\" decoding=\"async\" width=\"683\" height=\"1024\" data-id=\"468\" src=\"https:\/\/i0.wp.com\/les-rendez-vous.fr\/wp-content\/uploads\/2022\/03\/IMG_7324.jpg?resize=683%2C1024\" alt=\"\" class=\"wp-image-468\" srcset=\"https:\/\/i0.wp.com\/les-rendez-vous.fr\/wp-content\/uploads\/2022\/03\/IMG_7324-scaled.jpg?resize=683%2C1024&amp;ssl=1 683w, https:\/\/i0.wp.com\/les-rendez-vous.fr\/wp-content\/uploads\/2022\/03\/IMG_7324-scaled.jpg?resize=200%2C300&amp;ssl=1 200w, https:\/\/i0.wp.com\/les-rendez-vous.fr\/wp-content\/uploads\/2022\/03\/IMG_7324-scaled.jpg?resize=768%2C1152&amp;ssl=1 768w, https:\/\/i0.wp.com\/les-rendez-vous.fr\/wp-content\/uploads\/2022\/03\/IMG_7324-scaled.jpg?resize=1024%2C1536&amp;ssl=1 1024w, https:\/\/i0.wp.com\/les-rendez-vous.fr\/wp-content\/uploads\/2022\/03\/IMG_7324-scaled.jpg?resize=1365%2C2048&amp;ssl=1 1365w, https:\/\/i0.wp.com\/les-rendez-vous.fr\/wp-content\/uploads\/2022\/03\/IMG_7324-scaled.jpg?w=1707&amp;ssl=1 1707w\" sizes=\"(max-width: 683px) 100vw, 683px\" data-recalc-dims=\"1\" \/><figcaption class=\"wp-element-caption\">Gabriel Monet introduit la s\u00e9ance publique du samedi soir:  \u00ab\u00a0Loi de Dieu, lois de la R\u00e9publique\u00a0\u00bb<\/figcaption><\/figure>\n\n\n\n<figure class=\"wp-block-image size-large\"><img loading=\"lazy\" decoding=\"async\" width=\"1024\" height=\"683\" data-id=\"469\" src=\"https:\/\/i0.wp.com\/les-rendez-vous.fr\/wp-content\/uploads\/2022\/03\/IMG_7336.jpg?resize=1024%2C683\" alt=\"\" class=\"wp-image-469\" srcset=\"https:\/\/i0.wp.com\/les-rendez-vous.fr\/wp-content\/uploads\/2022\/03\/IMG_7336-scaled.jpg?resize=1024%2C683&amp;ssl=1 1024w, https:\/\/i0.wp.com\/les-rendez-vous.fr\/wp-content\/uploads\/2022\/03\/IMG_7336-scaled.jpg?resize=300%2C200&amp;ssl=1 300w, https:\/\/i0.wp.com\/les-rendez-vous.fr\/wp-content\/uploads\/2022\/03\/IMG_7336-scaled.jpg?resize=768%2C512&amp;ssl=1 768w, https:\/\/i0.wp.com\/les-rendez-vous.fr\/wp-content\/uploads\/2022\/03\/IMG_7336-scaled.jpg?resize=1536%2C1024&amp;ssl=1 1536w, https:\/\/i0.wp.com\/les-rendez-vous.fr\/wp-content\/uploads\/2022\/03\/IMG_7336-scaled.jpg?resize=2048%2C1365&amp;ssl=1 2048w\" sizes=\"(max-width: 1000px) 100vw, 1000px\" data-recalc-dims=\"1\" \/><figcaption class=\"wp-element-caption\">Soir\u00e9e publique regard\u00e9e en direct<\/figcaption><\/figure>\n\n\n\n<figure class=\"wp-block-image size-large\"><img loading=\"lazy\" decoding=\"async\" width=\"1024\" height=\"683\" data-id=\"464\" src=\"https:\/\/i0.wp.com\/les-rendez-vous.fr\/wp-content\/uploads\/2022\/03\/IMG_7274.jpg?resize=1024%2C683\" alt=\"\" class=\"wp-image-464\" srcset=\"https:\/\/i0.wp.com\/les-rendez-vous.fr\/wp-content\/uploads\/2022\/03\/IMG_7274-scaled.jpg?resize=1024%2C683&amp;ssl=1 1024w, https:\/\/i0.wp.com\/les-rendez-vous.fr\/wp-content\/uploads\/2022\/03\/IMG_7274-scaled.jpg?resize=300%2C200&amp;ssl=1 300w, https:\/\/i0.wp.com\/les-rendez-vous.fr\/wp-content\/uploads\/2022\/03\/IMG_7274-scaled.jpg?resize=768%2C512&amp;ssl=1 768w, https:\/\/i0.wp.com\/les-rendez-vous.fr\/wp-content\/uploads\/2022\/03\/IMG_7274-scaled.jpg?resize=1536%2C1024&amp;ssl=1 1536w, https:\/\/i0.wp.com\/les-rendez-vous.fr\/wp-content\/uploads\/2022\/03\/IMG_7274-scaled.jpg?resize=2048%2C1365&amp;ssl=1 2048w\" sizes=\"(max-width: 1000px) 100vw, 1000px\" data-recalc-dims=\"1\" \/><figcaption class=\"wp-element-caption\">Un auditoire attentif&#8230; et masqu\u00e9!<\/figcaption><\/figure>\n\n\n\n<figure class=\"wp-block-image size-large\"><img loading=\"lazy\" decoding=\"async\" width=\"683\" height=\"1024\" data-id=\"460\" src=\"https:\/\/i0.wp.com\/les-rendez-vous.fr\/wp-content\/uploads\/2022\/03\/IMG_7201.jpg?resize=683%2C1024\" alt=\"\" class=\"wp-image-460\" srcset=\"https:\/\/i0.wp.com\/les-rendez-vous.fr\/wp-content\/uploads\/2022\/03\/IMG_7201-scaled.jpg?resize=683%2C1024&amp;ssl=1 683w, https:\/\/i0.wp.com\/les-rendez-vous.fr\/wp-content\/uploads\/2022\/03\/IMG_7201-scaled.jpg?resize=200%2C300&amp;ssl=1 200w, https:\/\/i0.wp.com\/les-rendez-vous.fr\/wp-content\/uploads\/2022\/03\/IMG_7201-scaled.jpg?resize=768%2C1152&amp;ssl=1 768w, https:\/\/i0.wp.com\/les-rendez-vous.fr\/wp-content\/uploads\/2022\/03\/IMG_7201-scaled.jpg?resize=1024%2C1536&amp;ssl=1 1024w, https:\/\/i0.wp.com\/les-rendez-vous.fr\/wp-content\/uploads\/2022\/03\/IMG_7201-scaled.jpg?resize=1365%2C2048&amp;ssl=1 1365w, https:\/\/i0.wp.com\/les-rendez-vous.fr\/wp-content\/uploads\/2022\/03\/IMG_7201-scaled.jpg?w=1707&amp;ssl=1 1707w\" sizes=\"(max-width: 683px) 100vw, 683px\" data-recalc-dims=\"1\" \/><figcaption class=\"wp-element-caption\">La th\u00e9ologienne Val\u00e9rie Duval-Poujol ouvre la Bible<\/figcaption><\/figure>\n\n\n\n<figure class=\"wp-block-image size-large\"><img loading=\"lazy\" decoding=\"async\" width=\"683\" height=\"1024\" data-id=\"461\" src=\"https:\/\/i0.wp.com\/les-rendez-vous.fr\/wp-content\/uploads\/2022\/03\/IMG_7205.jpg?resize=683%2C1024\" alt=\"\" class=\"wp-image-461\" srcset=\"https:\/\/i0.wp.com\/les-rendez-vous.fr\/wp-content\/uploads\/2022\/03\/IMG_7205-scaled.jpg?resize=683%2C1024&amp;ssl=1 683w, https:\/\/i0.wp.com\/les-rendez-vous.fr\/wp-content\/uploads\/2022\/03\/IMG_7205-scaled.jpg?resize=200%2C300&amp;ssl=1 200w, https:\/\/i0.wp.com\/les-rendez-vous.fr\/wp-content\/uploads\/2022\/03\/IMG_7205-scaled.jpg?resize=768%2C1152&amp;ssl=1 768w, https:\/\/i0.wp.com\/les-rendez-vous.fr\/wp-content\/uploads\/2022\/03\/IMG_7205-scaled.jpg?resize=1024%2C1536&amp;ssl=1 1024w, https:\/\/i0.wp.com\/les-rendez-vous.fr\/wp-content\/uploads\/2022\/03\/IMG_7205-scaled.jpg?resize=1365%2C2048&amp;ssl=1 1365w, https:\/\/i0.wp.com\/les-rendez-vous.fr\/wp-content\/uploads\/2022\/03\/IMG_7205-scaled.jpg?w=1707&amp;ssl=1 1707w\" sizes=\"(max-width: 683px) 100vw, 683px\" data-recalc-dims=\"1\" \/><figcaption class=\"wp-element-caption\">Pr\u00e9dication de Luca Marulli, professeur sur le campus adventistes<\/figcaption><\/figure>\n\n\n\n<figure class=\"wp-block-image size-large\"><img loading=\"lazy\" decoding=\"async\" width=\"1024\" height=\"683\" data-id=\"459\" src=\"https:\/\/i0.wp.com\/les-rendez-vous.fr\/wp-content\/uploads\/2022\/03\/IMG_7177.jpg?resize=1024%2C683\" alt=\"\" class=\"wp-image-459\" srcset=\"https:\/\/i0.wp.com\/les-rendez-vous.fr\/wp-content\/uploads\/2022\/03\/IMG_7177-scaled.jpg?resize=1024%2C683&amp;ssl=1 1024w, https:\/\/i0.wp.com\/les-rendez-vous.fr\/wp-content\/uploads\/2022\/03\/IMG_7177-scaled.jpg?resize=300%2C200&amp;ssl=1 300w, https:\/\/i0.wp.com\/les-rendez-vous.fr\/wp-content\/uploads\/2022\/03\/IMG_7177-scaled.jpg?resize=768%2C512&amp;ssl=1 768w, https:\/\/i0.wp.com\/les-rendez-vous.fr\/wp-content\/uploads\/2022\/03\/IMG_7177-scaled.jpg?resize=1536%2C1024&amp;ssl=1 1536w, https:\/\/i0.wp.com\/les-rendez-vous.fr\/wp-content\/uploads\/2022\/03\/IMG_7177-scaled.jpg?resize=2048%2C1365&amp;ssl=1 2048w\" sizes=\"(max-width: 1000px) 100vw, 1000px\" data-recalc-dims=\"1\" \/><figcaption class=\"wp-element-caption\">La chorale del&rsquo;Eglise de Collonges<\/figcaption><\/figure>\n\n\n\n<figure class=\"wp-block-image size-large\"><img loading=\"lazy\" decoding=\"async\" width=\"1024\" height=\"683\" data-id=\"458\" src=\"https:\/\/i0.wp.com\/les-rendez-vous.fr\/wp-content\/uploads\/2022\/03\/IMG_7172.jpg?resize=1024%2C683\" alt=\"\" class=\"wp-image-458\" srcset=\"https:\/\/i0.wp.com\/les-rendez-vous.fr\/wp-content\/uploads\/2022\/03\/IMG_7172-scaled.jpg?resize=1024%2C683&amp;ssl=1 1024w, https:\/\/i0.wp.com\/les-rendez-vous.fr\/wp-content\/uploads\/2022\/03\/IMG_7172-scaled.jpg?resize=300%2C200&amp;ssl=1 300w, https:\/\/i0.wp.com\/les-rendez-vous.fr\/wp-content\/uploads\/2022\/03\/IMG_7172-scaled.jpg?resize=768%2C512&amp;ssl=1 768w, https:\/\/i0.wp.com\/les-rendez-vous.fr\/wp-content\/uploads\/2022\/03\/IMG_7172-scaled.jpg?resize=1536%2C1024&amp;ssl=1 1536w, https:\/\/i0.wp.com\/les-rendez-vous.fr\/wp-content\/uploads\/2022\/03\/IMG_7172-scaled.jpg?resize=2048%2C1365&amp;ssl=1 2048w\" sizes=\"(max-width: 1000px) 100vw, 1000px\" data-recalc-dims=\"1\" \/><figcaption class=\"wp-element-caption\">Un temple plein, des protestants venus d&rsquo;Eglises vari\u00e9es<\/figcaption><\/figure>\n\n\n\n<figure class=\"wp-block-image size-large\"><img loading=\"lazy\" decoding=\"async\" width=\"1024\" height=\"683\" data-id=\"462\" src=\"https:\/\/i0.wp.com\/les-rendez-vous.fr\/wp-content\/uploads\/2022\/03\/IMG_7241.jpg?resize=1024%2C683\" alt=\"\" class=\"wp-image-462\" srcset=\"https:\/\/i0.wp.com\/les-rendez-vous.fr\/wp-content\/uploads\/2022\/03\/IMG_7241-scaled.jpg?resize=1024%2C683&amp;ssl=1 1024w, https:\/\/i0.wp.com\/les-rendez-vous.fr\/wp-content\/uploads\/2022\/03\/IMG_7241-scaled.jpg?resize=300%2C200&amp;ssl=1 300w, https:\/\/i0.wp.com\/les-rendez-vous.fr\/wp-content\/uploads\/2022\/03\/IMG_7241-scaled.jpg?resize=768%2C512&amp;ssl=1 768w, https:\/\/i0.wp.com\/les-rendez-vous.fr\/wp-content\/uploads\/2022\/03\/IMG_7241-scaled.jpg?resize=1536%2C1024&amp;ssl=1 1536w, https:\/\/i0.wp.com\/les-rendez-vous.fr\/wp-content\/uploads\/2022\/03\/IMG_7241-scaled.jpg?resize=2048%2C1365&amp;ssl=1 2048w\" sizes=\"(max-width: 1000px) 100vw, 1000px\" data-recalc-dims=\"1\" \/><figcaption class=\"wp-element-caption\">A la sortie du culte, c\u00e9l\u00e9br\u00e9 lesamedi chez les Adventistes<\/figcaption><\/figure>\n<\/figure>\n\n\n\n<hr class=\"wp-block-separator has-alpha-channel-opacity\" id=\"ancre2\"\/>\n\n\n\n<h2 class=\"wp-block-heading\" id=\"block-3cfba2de-654d-4427-ae8c-61d576f072f7\"><strong>Trois th\u00e9matiques pour approfondir<\/strong><\/h2>\n\n\n\n<p id=\"block-3b0e9b4f-f6c3-4c14-94a1-e714988645a7\">Trois sous th\u00e8mes ont \u00e9t\u00e9 d\u00e9finis pour aller plus loin dans la question de l&rsquo;autorit\u00e9 des Ecritures.<\/p>\n\n\n\n<p id=\"block-add742c5-d688-4c1e-93f2-44312edd3016\"><strong>Sujet n\u00b0 1 :&nbsp;<em>Sola Scriptura.&nbsp;<\/em>Pertinence et impertinence d\u2019un principe d\u2019autorit\u00e9<\/strong><\/p>\n\n\n\n<p id=\"block-16fdf96a-9904-4d67-8c0d-6a1bab210e23\">Au XVIe si\u00e8cle, le principe du&nbsp;<em>sola Scriptura&nbsp;<\/em>est une provocation&nbsp;: appuy\u00e9 sur l\u2019adjectif&nbsp;<em>sola&nbsp;<\/em>et son&nbsp;sens exclusif, il signifie que l\u2019\u00c9criture est l\u2019unique lieu au monde o\u00f9 l\u2019\u00c9glise peut avoir la certitude&nbsp;que le Dieu de J\u00e9sus-Christ parle&nbsp;\u2013 \u00e0 l\u2019exclusion d\u2019autres lieux, qu\u2019il s\u2019agisse du si\u00e8ge de la papaut\u00e9 ou d\u2019un c\u0153ur o\u00f9 Dieu d\u00e9verserait directement sa Parole sans&nbsp;<em>media&nbsp;<\/em>aucuns.<\/p>\n\n\n\n<p id=\"block-ba8742fe-0499-487e-9b2b-36b7918eeb60\">Quelle est la fonction th\u00e9ologique de ce principe aujourd\u2019hui&nbsp;? Est-ce qu\u2019il provoque encore \u2013&nbsp;et si oui, comment ? Peut-on (ou m\u00eame faut-il) red\u00e9finir autrement la port\u00e9e du&nbsp;<em>sola&nbsp;<\/em>?&nbsp;S\u2019il est \u00e0 comprendre dans un sens exclusif, qu\u2019est-ce qu\u2019il exclut&nbsp;? Pour quoi (et pourquoi) pourrait-on ou devrait-on se fier \u00e0 l\u2019\u00c9criture \u00ab&nbsp;seule \u00bb ? Son autorit\u00e9 tient et tombe-t-elle avec le&nbsp;<em>sola<\/em>, ou se construit-elle autrement encore ? Quelle conception de Dieu, quelle conception de la v\u00e9rit\u00e9 se cachent-elles derri\u00e8re telle ou telle mani\u00e8re de comprendre ce principe ?<\/p>\n\n\n\n<p id=\"block-1c950054-1c10-475a-95e8-f23470566803\">Ces questions sont \u00e0 poser \u00e0 frais nouveaux, sans doute, dans un contexte o\u00f9 tel chr\u00e9tien juge que&nbsp;Dieu lui parle imm\u00e9diatement dans chaque verset, alors qu\u2019un autre assume le fait que l\u2019\u00c9criture ne&nbsp;soutient pas plus qu\u2019un autre texte sa qu\u00eate de la v\u00e9rit\u00e9 \u2013 tandis que l\u2019ex\u00e9g\u00e8te souligne de son c\u00f4t\u00e9 que l\u2019\u00c9criture, si humaine, n\u2019est pas univoque.<\/p>\n\n\n\n<p id=\"block-e0a3c59c-a80d-4f76-bc70-9e3aa3515962\"><strong>Sujet n\u00b02 : Usages de la Bible pour \u00ab faire \u00bb autorit\u00e9&nbsp;: travail \u00e0 partir d\u2019un cas concret.<\/strong><\/p>\n\n\n\n<p id=\"block-7ff16984-76d9-4dce-aee1-a59e2c2ad1b0\">Dans les questions \u00e9thiques, celles des choix personnels et communautaires, la Bible est \u00e0 la fois une source et un outil. Nous vous proposons de r\u00e9fl\u00e9chir \u00e0 la question du rapport \u00e0 l\u2019argent, \u00e0 la&nbsp;prosp\u00e9rit\u00e9 et \u00e0 la pauvret\u00e9. Quelle place pour la richesse ?<\/p>\n\n\n\n<p id=\"block-c80ab6e6-ac01-415a-911d-9ea04b808b8c\">Le d\u00e9bat sera aliment\u00e9 par l\u2019analyse de la d\u00e9marche: Quels sont les rouages de l\u2019argumentation et de quelle mani\u00e8re le texte biblique y est-il utilis\u00e9 ? Quels crit\u00e8res lui donnent autorit\u00e9 ? Quelle lecture et quelle approche herm\u00e9neutique autorisent son usage ? Quels sont les risques de&nbsp;m\u00e9susage ou d\u2019abus inh\u00e9rents \u00e0 la d\u00e9marche&nbsp;?<br>Cette approche comparative autour d\u2019un cas concret sera prolong\u00e9e et approfondie&nbsp;par des travaux en groupes -par champs disciplinaires.<\/p>\n\n\n\n<p id=\"block-7016fc24-f4bb-47b0-82c3-78211c66e389\"><strong>Sujet n\u00b03&nbsp;: Comment l\u2019autorit\u00e9&nbsp;de la Bible peut-elle \u00eatre mise en \u0153uvre dans une&nbsp;soci\u00e9t\u00e9 plurielle ?<\/strong><\/p>\n\n\n\n<p id=\"block-9cc0662c-d708-407c-bd41-0d1d0cbb0e72\">Comment la Bible forme, informe, r\u00e9forme&#8230; d\u00e9forme-t-elle l&rsquo;auto-compr\u00e9hension des chr\u00e9tiens dans des soci\u00e9t\u00e9s plurielles qui r\u00e9f\u00e8rent leurs valeurs et leurs d\u00e9bats \u00e0 de multiples ressources et h\u00e9ritages religieux, philosophiques et culturels ?<\/p>\n\n\n\n<p id=\"block-6729a16d-13b5-4ffb-921b-72c514ea8a46\">L&rsquo;autorit\u00e9 des \u00c9critures est-elle convoqu\u00e9e \u00e0 l&rsquo;appui d&rsquo;engagements sociaux, politiques, de militances \u00e9vang\u00e9lisatrices, ou au contraire de prises de distance par rapport au \u00ab\u00a0monde\u00a0\u00bb ? Comment et pourquoi ? Quel est d&rsquo;ailleurs le \u00ab\u00a0monde\u00a0\u00bb construit par la fr\u00e9quentation des textes bibliques ? De quelle herm\u00e9neutique les r\u00e9ponses \u00e0 ces questions t\u00e9moignent-elles ?<\/p>\n\n\n\n<hr class=\"wp-block-separator has-alpha-channel-opacity\" id=\"ancre3\"\/>\n\n\n\n<h2 class=\"wp-block-heading\" id=\"programme2021\">Programme<\/h2>\n\n\n\n<h3 class=\"wp-block-heading\"><strong>Vendredi 25 juin<\/strong><\/h3>\n\n\n\n<p>Apr\u00e8s-midi&nbsp;<strong>Arriv\u00e9e et accueil en r\u00e9sidence<br>Visite du Campus&nbsp;<\/strong>et du mus\u00e9e de l\u2019adventisme (pour ceux qui le veulent, plusieurs groupes \u00e0 diff\u00e9rents horaires pourront s\u2019organiser)<\/p>\n\n\n\n<p>&#8211; 19h30&nbsp;<strong>Accueil convivial et ap\u00e9ritif dinatoire<\/strong><\/p>\n\n\n\n<h3 class=\"wp-block-heading\"><strong>Samedi 26 juin<\/strong><\/h3>\n\n\n\n<p>&#8211; 7h45 Petit-d\u00e9jeuner<br>&#8211; 8h30&nbsp;<strong>Th\u00e9matique 1&nbsp;<\/strong>:&nbsp;<\/p>\n\n\n\n<p class=\"has-luminous-vivid-orange-color has-text-color\"><em>Sola Scriptura.&nbsp;Pertinence et impertinence d\u2019un principe d\u2019autorit\u00e9&nbsp;<\/em><\/p>\n\n\n\n<p>&#8211; 10h45&nbsp;<strong>Culte&nbsp;<\/strong>(avec l\u2019Eglise du Campus)<br>&#8211; 12h30 Repas<br>&#8211; 14h00&nbsp;<strong>Th\u00e9matique 2&nbsp;<\/strong>:&nbsp;<\/p>\n\n\n\n<p class=\"has-luminous-vivid-orange-color has-text-color\"><em>Usages de la Bible pour \u00ab faire \u00bb autorit\u00e9 : travail \u00e0 partir d\u2019un cas<\/em> <em>concret<\/em><\/p>\n\n\n\n<p>&#8211; 17h15&nbsp;<strong>Moment musical et partage biblique par groupes<br><\/strong>&#8211; 18h30 Repas<br>&#8211; 20h00&nbsp;<strong>Soir\u00e9e publique&nbsp;<\/strong>en direct sur les r\u00e9seaux sociaux<\/p>\n\n\n\n<p class=\"has-luminous-vivid-orange-color has-text-color\">table ronde sur le th\u00e8me&nbsp;<strong>\u00ab\u00a0Loi de Dieu, lois de la R\u00e9publique\u00a0\u00bb<\/strong><\/p>\n\n\n\n<h3 class=\"wp-block-heading\"><strong>Dimanche 27 juin<\/strong><\/h3>\n\n\n\n<p>&#8211; 8h00&nbsp;<strong>Marche de pri\u00e8re&nbsp;<\/strong>: \u00ab Lire et discerner Dieu dans la nature \u00bb<br>&#8211; 9h00 Petit-d\u00e9jeuner<br>&#8211; 10h00&nbsp;<strong>Th\u00e9matique 3&nbsp;<\/strong>:&nbsp;<\/p>\n\n\n\n<p class=\"has-luminous-vivid-orange-color has-text-color\">Comment l\u2019autorit\u00e9 de la Bible peut-elle \u00eatre mise en \u0153uvre dans une soci\u00e9t\u00e9 plurielle ?<\/p>\n\n\n\n<p>&#8211; 12h30 Repas<br>&#8211; 14h00&nbsp;<strong>Conclusions, synth\u00e8ses et perspectives<br><\/strong>&#8211; 15h15 Transfert pour Gen\u00e8ve et&nbsp;<strong>visite de la Fondation Bodmer&nbsp;<\/strong>Soir D\u00e9part ou nuit au Campus<\/p>\n","protected":false},"excerpt":{"rendered":"<p>Du 25 au 27 juin 2021, les Rendez-vous ont \u00e9t\u00e9 accueillis au Campus adventiste du Sal\u00e8ve (Haute-Savoie). Trois th\u00e9matiques pour approfondir Trois sous th\u00e8mes ont \u00e9t\u00e9 d\u00e9finis pour aller plus loin dans la question de l&rsquo;autorit\u00e9 des Ecritures. Sujet n\u00b0 1 :&nbsp;Sola Scriptura.&nbsp;Pertinence et impertinence d\u2019un principe d\u2019autorit\u00e9 Au XVIe si\u00e8cle, le principe du&nbsp;sola Scriptura&nbsp;est [&hellip;]<\/p>\n","protected":false},"author":151,"featured_media":0,"parent":0,"menu_order":0,"comment_status":"closed","ping_status":"closed","template":"","meta":{"_themeisle_gutenberg_block_has_review":false,"footnotes":""},"jetpack_sharing_enabled":true,"_links":{"self":[{"href":"https:\/\/les-rendez-vous.fr\/index.php\/wp-json\/wp\/v2\/pages\/750"}],"collection":[{"href":"https:\/\/les-rendez-vous.fr\/index.php\/wp-json\/wp\/v2\/pages"}],"about":[{"href":"https:\/\/les-rendez-vous.fr\/index.php\/wp-json\/wp\/v2\/types\/page"}],"author":[{"embeddable":true,"href":"https:\/\/les-rendez-vous.fr\/index.php\/wp-json\/wp\/v2\/users\/151"}],"replies":[{"embeddable":true,"href":"https:\/\/les-rendez-vous.fr\/index.php\/wp-json\/wp\/v2\/comments?post=750"}],"version-history":[{"count":11,"href":"https:\/\/les-rendez-vous.fr\/index.php\/wp-json\/wp\/v2\/pages\/750\/revisions"}],"predecessor-version":[{"id":923,"href":"https:\/\/les-rendez-vous.fr\/index.php\/wp-json\/wp\/v2\/pages\/750\/revisions\/923"}],"wp:attachment":[{"href":"https:\/\/les-rendez-vous.fr\/index.php\/wp-json\/wp\/v2\/media?parent=750"}],"curies":[{"name":"wp","href":"https:\/\/api.w.org\/{rel}","templated":true}]}}